{"id":641,"date":"2017-10-16T15:46:22","date_gmt":"2017-10-16T17:46:22","guid":{"rendered":"http:\/\/ecen.com.br\/?page_id=641"},"modified":"2021-06-12T12:21:29","modified_gmt":"2021-06-12T15:21:29","slug":"ee-96x","status":"publish","type":"page","link":"http:\/\/eee.org.br\/?page_id=641","title":{"rendered":"E&#038;E 96"},"content":{"rendered":"\t\t<div data-elementor-type=\"wp-post\" data-elementor-id=\"641\" class=\"elementor elementor-641\">\n\t\t\t\t\t\t<div class=\"elementor-inner\">\n\t\t\t\t<div class=\"elementor-section-wrap\">\n\t\t\t\t\t\t\t\t\t<section class=\"elementor-section elementor-top-section elementor-element elementor-element-2a20a22 elementor-section-boxed elementor-section-height-default elementor-section-height-default\" data-id=\"2a20a22\" data-element_type=\"section\">\n\t\t\t\t\t\t<div class=\"elementor-container elementor-column-gap-default\">\n\t\t\t\t\t\t\t<div class=\"elementor-row\">\n\t\t\t\t\t<div class=\"elementor-column elementor-col-100 elementor-top-column elementor-element elementor-element-32ab4f0e\" data-id=\"32ab4f0e\" data-element_type=\"column\">\n\t\t\t<div class=\"elementor-column-wrap elementor-element-populated\">\n\t\t\t\t\t\t\t<div class=\"elementor-widget-wrap\">\n\t\t\t\t\t\t<div class=\"elementor-element elementor-element-4e87929c elementor-widget elementor-widget-text-editor\" data-id=\"4e87929c\" data-element_type=\"widget\" data-widget_type=\"text-editor.default\">\n\t\t\t\t<div class=\"elementor-widget-container\">\n\t\t\t\t\t\t\t\t<div class=\"elementor-text-editor elementor-clearfix\">\n\t\t\t\t<p>[wpanchor id=&#8221;inicio96&#8243;]<\/p><p><span style=\"color: #808080;\"><strong><span style=\"color: #000000;\"><img loading=\"lazy\" class=\"size-full wp-image-4 alignnone\" src=\"http:\/\/eee.org.br\/wp-content\/uploads\/2017\/02\/eee.jpg\" alt=\"\" width=\"116\" height=\"27\" data-wp-pid=\"4\" \/><\/span><br \/><\/strong><\/span><span style=\"color: #808080;\"><strong>Economia e Energia &#8211; E&amp;E N\u00ba 96, julho a setembro \u00a02017<br \/><\/strong>ISSN 1518-2932<\/span><\/p><p style=\"text-align: left;\"><strong><a name=\"Editor\"><\/a><span style=\"color: #0000ff;\">Palavras do Editor:<\/span><\/strong><\/p><h1 style=\"text-align: left;\"><a name=\"_Toc491873560\"><\/a><a name=\"_Toc493570497\"><\/a><strong>A Desnacionaliza\u00e7\u00e3o do \u201cMade in Brazil\u201d<\/strong><\/h1><p style=\"text-align: left;\"><a name=\"_Toc493570498\"><\/a><strong>\u201cAt\u00e9 a \u00e1gua que consumirmos dos nossos mananciais pode agora ser considerada importada\u201d.<\/strong><\/p><p style=\"text-align: left;\">No conceito adotado pelo FMI, o Com\u00e9rcio Internacional <strong>consiste na transa\u00e7\u00e3o entre residentes de diferentes pa\u00edses<\/strong>. Esta interpreta\u00e7\u00e3o diverge do conceito<a href=\"http:\/\/www.slideshare.net\/undesa\/international-merchandise-trade-statistics\"> <strong>adotado pela ONU <\/strong><\/a>que considera o Com\u00e9rcio Internacional como o com\u00e9rcio entre na\u00e7\u00f5es e que (ainda)<strong> toma como refer\u00eancia as fronteiras entre os pa\u00edses. <\/strong><\/p><p style=\"text-align: left;\">Assim, as normas do FMI, adotadas pelo Banco Central do Brasil a partir de 2016, estabelecem que um produto s\u00f3 \u00e9 brasileiro se o capital que o produziu for de um <strong>residente no Brasil<\/strong>. Este conceito coincide com o do Sistema de Contas Nacionais, adotado pelo IBGE, cuja elabora\u00e7\u00e3o \u00e9 liderada por um cons\u00f3rcio onde participam <a href=\"https:\/\/unstats.un.org\/unsd\/nationalaccount\/sna2008.asp\">FMI. Banco Mundial e OCDE<\/a>. O alcance desse conceito vai sendo aprofundado a cada revis\u00e3o das normas do Fundo.<\/p><p style=\"text-align: left;\">Dados do Banco Central, analisados nesta edi\u00e7\u00e3o, mostram o efeito das modifica\u00e7\u00f5es introduzidas pela <a href=\"https:\/\/www.imf.org\/external\/pubs\/ft\/bop\/2007\/pdf\/bpm6.pdf\">Sexta Edi\u00e7\u00e3o do Manual de Balan\u00e7o de Pagamentos <\/a>do FMI, comparando os dados com a nova metodologia\u00a0<a href=\"http:\/\/www.bcb.gov.br\/htms\/infecon\/Seriehist_bpm6.asp\">(BPM6<\/a>)] \u00a0em rela\u00e7\u00e3o \u00e0 anterior (<a href=\"http:\/\/www.bcb.gov.br\/htms\/infecon\/Seriehist_bpm5.asp\">BPM5<\/a>). Entre 2010 e 2014, esta mudan\u00e7a teve impactos negativos de cerca de 11 US$ bilh\u00f5es na Balan\u00e7a Comercial e de quase 80 US$ bilh\u00f5es nas Transa\u00e7\u00f5es Correntes; a \u00faltima altera\u00e7\u00e3o aumentou o c\u00f4mputo da D\u00edvida Externa em 40% (+ 174 US$ bilh\u00f5es).<\/p><p style=\"text-align: left;\">Apesar do amplo prazo em que estiveram em discuss\u00e3o, as implica\u00e7\u00f5es dessas mudan\u00e7as, adotadas no final do Governo Dilma, n\u00e3o mereceram ainda a aten\u00e7\u00e3o devida das autoridades, da imprensa e dos analistas das \u00e1reas correlacionadas. Isto ocorreu, talvez, pelo conturbado ambiente pol\u00edtico em que vivemos.<\/p><p style=\"text-align: left;\">Nas normas adotadas, a \u201cnacionalidade\u201d do produto \u00e9 determinada pelo pa\u00eds cujo residente possuiu o capital. A cada nova vers\u00e3o do Manual, novos produtos s\u00e3o explicitamente inclu\u00eddos. Na atual,<strong> a \u00e1gua de nossos mananciais, o petr\u00f3leo e g\u00e1s de nossas reservas e a eletricidade produzida a partir de nossos rios s\u00e3o considerados de outra nacionalidade quando a empresa produtora \u00e9 de capital de n\u00e3o residente<\/strong>. Isto \u00e9 v\u00e1lido mesmo quando as transa\u00e7\u00f5es s\u00e3o realizadas em moeda local.<\/p><p style=\"text-align: left;\">O consumo interno desses bens \u00e9 considerado importa\u00e7\u00e3o e seu envio para pa\u00edses estrangeiros n\u00e3o \u00e9 computado como exporta\u00e7\u00e3o. Concretamente, s\u00e3o considerados produtos estrangeiros em nosso Balan\u00e7o de Pagamentos.<\/p><p style=\"text-align: left;\">O conceito que orienta essa contabilidade \u00e9 o da <strong>extens\u00e3o do \u201cTerrit\u00f3rio Econ\u00f4mico\u201d do pa\u00eds cujo residente det\u00e9m o capital al\u00e9m de suas fronteiras<\/strong>, esse \u201cterrit\u00f3rio\u201d passa a incluir \u201cenclaves\u201d (de situa\u00e7\u00e3o jur\u00eddica espec\u00edfica) em outros pa\u00edses, instala\u00e7\u00f5es m\u00f3veis como avi\u00f5es, navios, vag\u00f5es e sondas de perfura\u00e7\u00e3o e organiza\u00e7\u00f5es de n\u00e3o residentes do pa\u00eds \u201chospedeiro\u201d. O Cap\u00edtulo 4 do BPM6 descreve detalhadamente como tratar cada tipo de unidade \u201cn\u00e3o residente\u201d que s\u00e3o consideradas integradas ao territ\u00f3rio econ\u00f4mico de outros pa\u00edses. Elas podem ser organiza\u00e7\u00f5es internacionais, empresas ou parte de empresas que integram o \u201cterrit\u00f3rio econ\u00f4mico\u201d do pa\u00eds investidor em nosso territ\u00f3rio f\u00edsico. O produto desse \u201cterrit\u00f3rio\u201d \u00e9 considerado aqui como estrangeiro. No Anexo 3 \u00e9 reproduzida a introdu\u00e7\u00e3o, do Cap\u00edtulo 4 do BPM6, sobre a maneira de se definir esse \u2018territ\u00f3rio econ\u00f4mico\u201d.<\/p><p style=\"text-align: left;\">O poder de aplicarmos nossa legisla\u00e7\u00e3o sobre os produtos considerados \u201cn\u00e3o brasileiros\u201d, ainda n\u00e3o foi explicitamente colocado em cheque, mas fica fragilizado quando nossa Autoridade Monet\u00e1ria considera que n\u00e3o se trata de produto nacional. Lembrar ainda que existem pa\u00edses, como os EUA, que n\u00e3o s\u00e3o parte da Conven\u00e7\u00e3o da ONU sobre os Direitos do Mar, e n\u00e3o reconhecem nossos direitos sobre a Zona Econ\u00f4mica Exclusiva onde est\u00e1 situada a maioria de nossa reserva de g\u00e1s natural e petr\u00f3leo.<\/p><p style=\"text-align: left;\">O que est\u00e1 paulatinamente sendo mudado \u00e9 o conceito de territ\u00f3rio econ\u00f4mico nacional que altera a nacionalidade de bens e produtos produzidos no pa\u00eds, inclusive os provenientes de recursos naturais, da Terra e do Mar Brasileiros.<\/p><p style=\"text-align: left;\">Em nossa opini\u00e3o, as mudan\u00e7as aqui referidas devem ser analisadas sob a \u00f3tica Constitucional e a de Seguran\u00e7a Nacional. A Pol\u00edtica Econ\u00f4mica, por outro lado, sobretudo no que se refere a concess\u00f5es minerais, propriedade de terras e atua\u00e7\u00e3o de empresas e organiza\u00e7\u00f5es internacionais deve ser refor\u00e7ada para encarar essa nova realidade.<\/p><p style=\"text-align: left;\"><em>Carlos Feu Alvim<\/em><\/p><hr \/><p><strong>Conte\u00fado:<\/strong><\/p><p><a href=\"#inicio96\"><strong>A Desnacionaliza\u00e7\u00e3o do &#8220;Made in Brazil&#8221;\u00a0 \u00a0 \u00a0 \u00a0\u00a0<\/strong>( acima)<\/a><br \/>\u201cAt\u00e9 a \u00e1gua que consumirmos dos nossos mananciais pode agora ser considerada importada\u201d<\/p><p><strong>Artigo:<\/strong><br \/><a href=\"http:\/\/ecen.com.br\/?page_id=661\"><strong>Mudan\u00e7as no Balan\u00e7o de Pagamentos<\/strong><\/a><\/p><p><strong>Anexo:<\/strong><br \/><a href=\"http:\/\/ecen.com.br\/?page_id=573\"><strong>Compila\u00e7\u00e3o das Principais Mudan\u00e7as no Balan\u00e7o de Pagamentos<\/strong><\/a><\/p><hr \/><figure id=\"attachment_1750\" aria-describedby=\"caption-attachment-1750\" style=\"width: 421px\" class=\"wp-caption aligncenter\"><a href=\"http:\/\/ecen.com.br\/wp-content\/uploads\/2017\/10\/eee96p.pdf\"><img loading=\"lazy\" class=\"wp-image-1750 size-full\" src=\"http:\/\/ecen.com.br\/wp-content\/uploads\/2018\/05\/eee-96.jpg\" alt=\"A Desnacionaliza\u00e7\u00e3o do \" width=\"421\" height=\"595\" srcset=\"http:\/\/eee.org.br\/wp-content\/uploads\/2018\/05\/eee-96.jpg 421w, http:\/\/eee.org.br\/wp-content\/uploads\/2018\/05\/eee-96-212x300.jpg 212w\" sizes=\"(max-width: 421px) 100vw, 421px\" \/><\/a><figcaption id=\"caption-attachment-1750\" class=\"wp-caption-text\">eee 96<\/figcaption><\/figure><p><a href=\"http:\/\/ecen.com.br\/wp-content\/uploads\/2017\/10\/eee96p.pdf\">Ver ou Baixar E&amp;E 96 em pdf<\/a><\/p>\t\t\t\t\t<\/div>\n\t\t\t\t\t\t<\/div>\n\t\t\t\t<\/div>\n\t\t\t\t\t\t<\/div>\n\t\t\t\t\t<\/div>\n\t\t<\/div>\n\t\t\t\t\t\t\t\t<\/div>\n\t\t\t\t\t<\/div>\n\t\t<\/section>\n\t\t\t\t\t\t\t\t\t<\/div>\n\t\t\t<\/div>\n\t\t\t\t\t<\/div>\n\t\t","protected":false},"excerpt":{"rendered":"<p>[wpanchor id=&#8221;inicio96&#8243;] Economia e Energia &#8211; E&amp;E N\u00ba 96, julho a setembro &nbsp;2017 ISSN 1518-2932 Palavras do Editor: A Desnacionaliza\u00e7\u00e3o do \u201cMade in Brazil\u201d \u201cAt\u00e9 a \u00e1gua que consumirmos dos nossos mananciais pode agora ser considerada importada\u201d. No conceito adotado pelo FMI, o Com\u00e9rcio Internacional consiste na transa\u00e7\u00e3o entre residentes de diferentes pa\u00edses. Esta interpreta\u00e7\u00e3o &hellip; <\/p>\n<p class=\"link-more\"><a href=\"http:\/\/eee.org.br\/?page_id=641\" class=\"more-link\">Continue lendo<span class=\"screen-reader-text\"> &#8220;E&#038;E 96&#8221;<\/span><\/a><\/p>\n","protected":false},"author":1,"featured_media":0,"parent":0,"menu_order":0,"comment_status":"open","ping_status":"closed","template":"","meta":[],"_links":{"self":[{"href":"http:\/\/eee.org.br\/index.php?rest_route=\/wp\/v2\/pages\/641"}],"collection":[{"href":"http:\/\/eee.org.br\/index.php?rest_route=\/wp\/v2\/pages"}],"about":[{"href":"http:\/\/eee.org.br\/index.php?rest_route=\/wp\/v2\/types\/page"}],"author":[{"embeddable":true,"href":"http:\/\/eee.org.br\/index.php?rest_route=\/wp\/v2\/users\/1"}],"replies":[{"embeddable":true,"href":"http:\/\/eee.org.br\/index.php?rest_route=%2Fwp%2Fv2%2Fcomments&post=641"}],"version-history":[{"count":31,"href":"http:\/\/eee.org.br\/index.php?rest_route=\/wp\/v2\/pages\/641\/revisions"}],"predecessor-version":[{"id":4434,"href":"http:\/\/eee.org.br\/index.php?rest_route=\/wp\/v2\/pages\/641\/revisions\/4434"}],"wp:attachment":[{"href":"http:\/\/eee.org.br\/index.php?rest_route=%2Fwp%2Fv2%2Fmedia&parent=641"}],"curies":[{"name":"wp","href":"https:\/\/api.w.org\/{rel}","templated":true}]}}